{"id":9954,"date":"2022-01-16T18:25:06","date_gmt":"2022-01-16T17:25:06","guid":{"rendered":"http:\/\/y73i8axqnd.preview.infomaniak.website\/?post_type=product&#038;p=9954"},"modified":"2025-10-19T10:10:13","modified_gmt":"2025-10-19T08:10:13","slug":"250-g-di-caffe-in-grani-in-barattolo","status":"publish","type":"product","link":"https:\/\/esprit-cafe.ch\/it\/produit\/250g-de-cafe-en-grains-decafeine-en-boites\/","title":{"rendered":"250 g di caff\u00e8 in grani DECAFEINE in lattina"},"content":{"rendered":"<p>Durata a scatola aperta: da 7 a 10 giorni<\/p>\n<p>Durata di chiusura: 18 mesi<\/p>\n<h3 class=\"title\">PRESSURIZZAZIONE: UN'ESCLUSIVA ILLY<\/h3>\n<p>A contatto con l'aria, il caff\u00e8 tostato perde fino a 40% del suo aroma in 8 ore. Per cercare di conservarlo, di solito si ricorre al confezionamento sottovuoto, che per\u00f2 \u00e8 inefficace. illy ha utilizzato fin dall'inizio un'altra tecnologia estremamente efficace, brevettata ed esclusiva. Un gas inerte, l'azoto, viene introdotto sotto pressione nelle lattine illy. In questo modo gli aromi vengono intrappolati, fissati e conservati a lungo. Come un buon vino, il caff\u00e8 in lattina illy si affina, sviluppa la sua rotondit\u00e0 e dura pi\u00f9 a lungo. L'azoto non \u00e8 un additivo, ma si dissolve immediatamente all'apertura della lattina.<\/p>","protected":false},"excerpt":{"rendered":"<h2 class=\"overlap-title\">Decaffeinato<\/h2>\n<p class=\"tasting-notes\">L'esclusiva miscela illy mantiene tutte le sue caratteristiche e qualit\u00e0 anche in versione decaffeinata, con un contenuto di caffeina non superiore a 0,1%.<\/p>\n<p><strong>barattolo di caff\u00e8 in grani da 250 g<\/strong><\/p>","protected":false},"featured_media":17401,"template":"","meta":{"inline_featured_image":false},"product_brand":[],"product_cat":[135,140],"product_tag":[],"class_list":{"0":"post-9954","1":"product","2":"type-product","3":"status-publish","4":"has-post-thumbnail","6":"product_cat-cafe","7":"product_cat-cafe-en-grains-et-moulu","9":"first","10":"instock","11":"taxable","12":"shipping-taxable","13":"purchasable","14":"product-type-simple"},"_links":{"self":[{"href":"https:\/\/esprit-cafe.ch\/it\/wp-json\/wp\/v2\/product\/9954","targetHints":{"allow":["GET"]}}],"collection":[{"href":"https:\/\/esprit-cafe.ch\/it\/wp-json\/wp\/v2\/product"}],"about":[{"href":"https:\/\/esprit-cafe.ch\/it\/wp-json\/wp\/v2\/types\/product"}],"version-history":[{"count":1,"href":"https:\/\/esprit-cafe.ch\/it\/wp-json\/wp\/v2\/product\/9954\/revisions"}],"predecessor-version":[{"id":23741,"href":"https:\/\/esprit-cafe.ch\/it\/wp-json\/wp\/v2\/product\/9954\/revisions\/23741"}],"wp:featuredmedia":[{"embeddable":true,"href":"https:\/\/esprit-cafe.ch\/it\/wp-json\/wp\/v2\/media\/17401"}],"wp:attachment":[{"href":"https:\/\/esprit-cafe.ch\/it\/wp-json\/wp\/v2\/media?parent=9954"}],"wp:term":[{"taxonomy":"product_brand","embeddable":true,"href":"https:\/\/esprit-cafe.ch\/it\/wp-json\/wp\/v2\/product_brand?post=9954"},{"taxonomy":"product_cat","embeddable":true,"href":"https:\/\/esprit-cafe.ch\/it\/wp-json\/wp\/v2\/product_cat?post=9954"},{"taxonomy":"product_tag","embeddable":true,"href":"https:\/\/esprit-cafe.ch\/it\/wp-json\/wp\/v2\/product_tag?post=9954"}],"curies":[{"name":"wp","href":"https:\/\/api.w.org\/{rel}","templated":true}]}}